{"id":360,"date":"2022-09-06T14:13:29","date_gmt":"2022-09-06T14:13:29","guid":{"rendered":"https:\/\/gmflexehandel.wpengine.com\/flexhandel-demo-1\/?page_id=360"},"modified":"2022-09-06T14:13:29","modified_gmt":"2022-09-06T14:13:29","slug":"tips-trix","status":"publish","type":"page","link":"https:\/\/old.demo.gmflexpaket.se\/flexhandel-demo-1\/tips-trix\/","title":{"rendered":"Tips &amp; trix"},"content":{"rendered":"<p>Vardagsrummet \u00e4r hj\u00e4rtat i m\u00e5nga hem. Det \u00e4r d\u00e4r vi har fredagsmys med familjen och det \u00e4r d\u00e4r vi umg\u00e5s med v\u00e4nnerna. F\u00f6r att f\u00e5 till det optimala vardagsrummet f\u00f6r just dig finns det en hel del saker att t\u00e4nka p\u00e5, allt fr\u00e5n vilken soffa du ska v\u00e4lja till tevens vara eller icke vara. H\u00e4r kommer en liten guide.\u00a8<\/p>\n<p>&nbsp;<\/p>\n<p>&nbsp;<\/p>\n","protected":false},"excerpt":{"rendered":"<p>Vardagsrummet \u00e4r hj\u00e4rtat i m\u00e5nga hem. Det \u00e4r d\u00e4r vi har fredagsmys med familjen och det \u00e4r d\u00e4r vi umg\u00e5s med v\u00e4nnerna. F\u00f6r att f\u00e5 till det optimala vardagsrummet f\u00f6r just dig finns det en hel del saker att t\u00e4nka p\u00e5, allt fr\u00e5n vilken soffa du ska v\u00e4lja till tevens vara eller icke vara. H\u00e4r [&hellip;]<\/p>\n","protected":false},"author":1,"featured_media":309,"parent":0,"menu_order":0,"comment_status":"closed","ping_status":"closed","template":"","meta":{"_acf_changed":false,"footnotes":""},"class_list":["post-360","page","type-page","status-publish","has-post-thumbnail","hentry"],"acf":[],"_links":{"self":[{"href":"https:\/\/old.demo.gmflexpaket.se\/flexhandel-demo-1\/wp-json\/wp\/v2\/pages\/360","targetHints":{"allow":["GET"]}}],"collection":[{"href":"https:\/\/old.demo.gmflexpaket.se\/flexhandel-demo-1\/wp-json\/wp\/v2\/pages"}],"about":[{"href":"https:\/\/old.demo.gmflexpaket.se\/flexhandel-demo-1\/wp-json\/wp\/v2\/types\/page"}],"author":[{"embeddable":true,"href":"https:\/\/old.demo.gmflexpaket.se\/flexhandel-demo-1\/wp-json\/wp\/v2\/users\/1"}],"replies":[{"embeddable":true,"href":"https:\/\/old.demo.gmflexpaket.se\/flexhandel-demo-1\/wp-json\/wp\/v2\/comments?post=360"}],"version-history":[{"count":0,"href":"https:\/\/old.demo.gmflexpaket.se\/flexhandel-demo-1\/wp-json\/wp\/v2\/pages\/360\/revisions"}],"wp:featuredmedia":[{"embeddable":true,"href":"https:\/\/old.demo.gmflexpaket.se\/flexhandel-demo-1\/wp-json\/wp\/v2\/media\/309"}],"wp:attachment":[{"href":"https:\/\/old.demo.gmflexpaket.se\/flexhandel-demo-1\/wp-json\/wp\/v2\/media?parent=360"}],"curies":[{"name":"wp","href":"https:\/\/api.w.org\/{rel}","templated":true}]}}