{"id":399,"date":"2022-08-17T07:27:33","date_gmt":"2022-08-17T05:27:33","guid":{"rendered":"https:\/\/gmflexpaket.se\/flexhandel-demo-1\/produkt\/miki-taklampa\/"},"modified":"2022-10-18T16:41:23","modified_gmt":"2022-10-18T14:41:23","slug":"miki-taklampa","status":"publish","type":"product","link":"https:\/\/old.demo.gmflexpaket.se\/flexhandel-demo-1\/produkt\/miki-taklampa\/","title":{"rendered":"Miki Taklampa"},"content":{"rendered":"","protected":false},"excerpt":{"rendered":"<p>Primus har en klassisk f\u00e4rg i svart med stilrena detaljer, vilket g\u00f6r lampan ytterst l\u00e4ttanpassad till annan inredning. V\u00e4lj Primus om du vill ha en taklampa som inte g\u00e5r ur tiden och som forts\u00e4tter att vara lika stilfull \u00e5r efter \u00e5r.<\/p>\n","protected":false},"featured_media":400,"comment_status":"open","ping_status":"open","template":"","meta":{"_acf_changed":false},"product_brand":[],"product_cat":[20],"product_tag":[],"class_list":{"0":"post-399","1":"product","2":"type-product","3":"status-publish","4":"has-post-thumbnail","6":"product_cat-produkter","7":"tillverkare-kosta","9":"first","10":"instock","11":"shipping-taxable","12":"purchasable","13":"product-type-simple"},"acf":[],"_links":{"self":[{"href":"https:\/\/old.demo.gmflexpaket.se\/flexhandel-demo-1\/wp-json\/wp\/v2\/product\/399","targetHints":{"allow":["GET"]}}],"collection":[{"href":"https:\/\/old.demo.gmflexpaket.se\/flexhandel-demo-1\/wp-json\/wp\/v2\/product"}],"about":[{"href":"https:\/\/old.demo.gmflexpaket.se\/flexhandel-demo-1\/wp-json\/wp\/v2\/types\/product"}],"replies":[{"embeddable":true,"href":"https:\/\/old.demo.gmflexpaket.se\/flexhandel-demo-1\/wp-json\/wp\/v2\/comments?post=399"}],"wp:featuredmedia":[{"embeddable":true,"href":"https:\/\/old.demo.gmflexpaket.se\/flexhandel-demo-1\/wp-json\/wp\/v2\/media\/400"}],"wp:attachment":[{"href":"https:\/\/old.demo.gmflexpaket.se\/flexhandel-demo-1\/wp-json\/wp\/v2\/media?parent=399"}],"wp:term":[{"taxonomy":"product_brand","embeddable":true,"href":"https:\/\/old.demo.gmflexpaket.se\/flexhandel-demo-1\/wp-json\/wp\/v2\/product_brand?post=399"},{"taxonomy":"product_cat","embeddable":true,"href":"https:\/\/old.demo.gmflexpaket.se\/flexhandel-demo-1\/wp-json\/wp\/v2\/product_cat?post=399"},{"taxonomy":"product_tag","embeddable":true,"href":"https:\/\/old.demo.gmflexpaket.se\/flexhandel-demo-1\/wp-json\/wp\/v2\/product_tag?post=399"}],"curies":[{"name":"wp","href":"https:\/\/api.w.org\/{rel}","templated":true}]}}