{"id":406,"date":"2022-08-17T07:38:15","date_gmt":"2022-08-17T05:38:15","guid":{"rendered":"https:\/\/gmflexpaket.se\/flexhandel-demo-1\/produkt\/emelie-bubbelljus\/"},"modified":"2022-10-18T16:41:23","modified_gmt":"2022-10-18T14:41:23","slug":"emelie-bubbelljus","status":"publish","type":"product","link":"https:\/\/old.demo.gmflexpaket.se\/flexhandel-demo-1\/produkt\/emelie-bubbelljus\/","title":{"rendered":"Emelie Bubbelljus"},"content":{"rendered":"","protected":false},"excerpt":{"rendered":"<p>Bubble-ljuset blev en riktig inredningsklassiker och b\u00f6r inte missas i n\u00e5got hem. Om du best\u00e4mmer dig f\u00f6r att anv\u00e4nda ljuset inte bara som ett designobjekt, utan faktiskt t\u00e4nder det, rekommenderar vi att du placerar ljuset p\u00e5 en tallrik eller underl\u00e4gg. P\u00e5 s\u00e5 s\u00e4tt slipper du eventuella vaxfl\u00e4ckar p\u00e5 dina favoritm\u00f6bler.<\/p>\n","protected":false},"featured_media":405,"comment_status":"open","ping_status":"open","template":"","meta":{"_acf_changed":false},"product_brand":[],"product_cat":[20],"product_tag":[],"class_list":{"0":"post-406","1":"product","2":"type-product","3":"status-publish","4":"has-post-thumbnail","6":"product_cat-produkter","7":"tillverkare-kosta","9":"first","10":"instock","11":"sale","12":"featured","13":"shipping-taxable","14":"purchasable","15":"product-type-simple"},"acf":[],"_links":{"self":[{"href":"https:\/\/old.demo.gmflexpaket.se\/flexhandel-demo-1\/wp-json\/wp\/v2\/product\/406","targetHints":{"allow":["GET"]}}],"collection":[{"href":"https:\/\/old.demo.gmflexpaket.se\/flexhandel-demo-1\/wp-json\/wp\/v2\/product"}],"about":[{"href":"https:\/\/old.demo.gmflexpaket.se\/flexhandel-demo-1\/wp-json\/wp\/v2\/types\/product"}],"replies":[{"embeddable":true,"href":"https:\/\/old.demo.gmflexpaket.se\/flexhandel-demo-1\/wp-json\/wp\/v2\/comments?post=406"}],"wp:featuredmedia":[{"embeddable":true,"href":"https:\/\/old.demo.gmflexpaket.se\/flexhandel-demo-1\/wp-json\/wp\/v2\/media\/405"}],"wp:attachment":[{"href":"https:\/\/old.demo.gmflexpaket.se\/flexhandel-demo-1\/wp-json\/wp\/v2\/media?parent=406"}],"wp:term":[{"taxonomy":"product_brand","embeddable":true,"href":"https:\/\/old.demo.gmflexpaket.se\/flexhandel-demo-1\/wp-json\/wp\/v2\/product_brand?post=406"},{"taxonomy":"product_cat","embeddable":true,"href":"https:\/\/old.demo.gmflexpaket.se\/flexhandel-demo-1\/wp-json\/wp\/v2\/product_cat?post=406"},{"taxonomy":"product_tag","embeddable":true,"href":"https:\/\/old.demo.gmflexpaket.se\/flexhandel-demo-1\/wp-json\/wp\/v2\/product_tag?post=406"}],"curies":[{"name":"wp","href":"https:\/\/api.w.org\/{rel}","templated":true}]}}